{"id":418,"date":"2024-09-19T13:03:40","date_gmt":"2024-09-19T11:03:40","guid":{"rendered":"https:\/\/apartamentoscorona.com\/?page_id=418"},"modified":"2024-11-05T11:58:40","modified_gmt":"2024-11-05T10:58:40","slug":"comillas-in-cantabria","status":"publish","type":"page","link":"https:\/\/apartamentoscorona.com\/en\/comillas-in-cantabria\/","title":{"rendered":"Comillas in Cantabria"},"content":{"rendered":"\t\t<div data-elementor-type=\"wp-page\" data-elementor-id=\"418\" class=\"elementor elementor-418\" data-elementor-post-type=\"page\">\n\t\t\t\t<div class=\"elementor-element elementor-element-cadafe6 e-flex e-con-boxed e-con e-parent\" data-id=\"cadafe6\" data-element_type=\"container\" data-e-type=\"container\" data-settings=\"{&quot;background_background&quot;:&quot;classic&quot;}\">\n\t\t\t\t\t<div class=\"e-con-inner\">\n\t\t<div class=\"elementor-element elementor-element-eb391aa e-flex e-con-boxed e-con e-child\" data-id=\"eb391aa\" data-element_type=\"container\" data-e-type=\"container\">\n\t\t\t\t\t<div class=\"e-con-inner\">\n\t\t\t\t<div class=\"elementor-element elementor-element-bdbaa53 elementor-widget elementor-widget-image\" data-id=\"bdbaa53\" data-element_type=\"widget\" data-e-type=\"widget\" data-widget_type=\"image.default\">\n\t\t\t\t<div class=\"elementor-widget-container\">\n\t\t\t\t\t\t\t\t\t\t\t\t\t\t\t<img decoding=\"async\" width=\"139\" height=\"100\" src=\"https:\/\/apartamentoscorona.com\/en\/wp-content\/uploads\/sites\/2\/pajaro-carga-pagina.webp\" class=\"attachment-large size-large wp-image-436\" alt=\"pajaro carga pagina\" \/>\t\t\t\t\t\t\t\t\t\t\t\t\t\t\t<\/div>\n\t\t\t\t<\/div>\n\t\t<div class=\"elementor-element elementor-element-bd5481d e-con-full e-flex e-con e-child\" data-id=\"bd5481d\" data-element_type=\"container\" data-e-type=\"container\">\n\t\t\t\t<div class=\"elementor-element elementor-element-4512562 elementor-widget elementor-widget-heading\" data-id=\"4512562\" data-element_type=\"widget\" data-e-type=\"widget\" data-widget_type=\"heading.default\">\n\t\t\t\t<div class=\"elementor-widget-container\">\n\t\t\t\t\t<span class=\"elementor-heading-title elementor-size-default\">The surroundings of Apartamentos Corona<br> <\/span>\t\t\t\t<\/div>\n\t\t\t\t<\/div>\n\t\t\t\t<div class=\"elementor-element elementor-element-243c0a7 elementor-widget elementor-widget-heading\" data-id=\"243c0a7\" data-element_type=\"widget\" data-e-type=\"widget\" data-widget_type=\"heading.default\">\n\t\t\t\t<div class=\"elementor-widget-container\">\n\t\t\t\t\t<h1 class=\"elementor-heading-title elementor-size-default\">Comillas in Cantabria<\/h1>\t\t\t\t<\/div>\n\t\t\t\t<\/div>\n\t\t\t\t<\/div>\n\t\t\t\t\t<\/div>\n\t\t\t\t<\/div>\n\t\t<div class=\"elementor-element elementor-element-105ab5e e-con-full elementor-hidden-mobile e-flex e-con e-child\" data-id=\"105ab5e\" data-element_type=\"container\" data-e-type=\"container\" data-settings=\"{&quot;background_background&quot;:&quot;classic&quot;}\">\n\t\t<div class=\"elementor-element elementor-element-b949f0f e-con-full e-flex e-con e-child\" data-id=\"b949f0f\" data-element_type=\"container\" data-e-type=\"container\">\n\t\t\t\t<div class=\"elementor-element elementor-element-9607116 elementor-widget elementor-widget-text-editor\" data-id=\"9607116\" data-element_type=\"widget\" data-e-type=\"widget\" data-widget_type=\"text-editor.default\">\n\t\t\t\t<div class=\"elementor-widget-container\">\n\t\t\t\t\t\t\t\t\t<p>Save up to 20% by booking on the official website. 5% direct using our web code:<b> CORONA20<\/b><\/p>\t\t\t\t\t\t\t\t<\/div>\n\t\t\t\t<\/div>\n\t\t\t\t<\/div>\n\t\t\t\t<div class=\"elementor-element elementor-element-5bdb662 elementor-widget-divider--view-line elementor-widget elementor-widget-divider\" data-id=\"5bdb662\" data-element_type=\"widget\" data-e-type=\"widget\" data-widget_type=\"divider.default\">\n\t\t\t\t<div class=\"elementor-widget-container\">\n\t\t\t\t\t\t\t<div class=\"elementor-divider\">\n\t\t\t<span class=\"elementor-divider-separator\">\n\t\t\t\t\t\t<\/span>\n\t\t<\/div>\n\t\t\t\t\t\t<\/div>\n\t\t\t\t<\/div>\n\t\t\t\t<div class=\"elementor-element elementor-element-0f4e339 elementor-widget elementor-widget-shortcode\" data-id=\"0f4e339\" data-element_type=\"widget\" data-e-type=\"widget\" data-widget_type=\"shortcode.default\">\n\t\t\t\t<div class=\"elementor-widget-container\">\n\t\t\t\t\t\t\t<div class=\"elementor-shortcode\">[av_calendar id=1]<\/div>\n\t\t\t\t\t\t<\/div>\n\t\t\t\t<\/div>\n\t\t\t\t<\/div>\n\t\t\t\t\t<\/div>\n\t\t\t\t<\/div>\n\t\t<div class=\"elementor-element elementor-element-1adf4a4 e-con-full e-flex e-con e-parent\" data-id=\"1adf4a4\" data-element_type=\"container\" data-e-type=\"container\">\n\t\t<div class=\"elementor-element elementor-element-7c27c84 e-con-full e-flex e-con e-child\" data-id=\"7c27c84\" data-element_type=\"container\" data-e-type=\"container\">\n\t\t<div class=\"elementor-element elementor-element-d4ca278 e-flex e-con-boxed e-con e-child\" data-id=\"d4ca278\" data-element_type=\"container\" data-e-type=\"container\">\n\t\t\t\t\t<div class=\"e-con-inner\">\n\t\t\t\t<div class=\"elementor-element elementor-element-66a75c8 elementor-widget elementor-widget-heading\" data-id=\"66a75c8\" data-element_type=\"widget\" data-e-type=\"widget\" data-widget_type=\"heading.default\">\n\t\t\t\t<div class=\"elementor-widget-container\">\n\t\t\t\t\t<h2 class=\"elementor-heading-title elementor-size-default\">Discover Comillas in Cantabria<\/h2>\t\t\t\t<\/div>\n\t\t\t\t<\/div>\n\t\t\t\t<div class=\"elementor-element elementor-element-376a7ea elementor-hidden-mobile elementor-widget elementor-widget-text-editor\" data-id=\"376a7ea\" data-element_type=\"widget\" data-e-type=\"widget\" data-widget_type=\"text-editor.default\">\n\t\t\t\t<div class=\"elementor-widget-container\">\n\t\t\t\t\t\t\t\t\t<p style=\"text-align: justify;\">Our flats are situated in a privileged location to explore some of the most emblematic places in Cantabria.<\/p><p style=\"text-align: justify;\">Just 3 kilometres away is Comillas, a town full of charm where you can admire its impressive modernist architecture. If you are a nature lover, Monte Corona and its hiking trails will allow you to enjoy spectacular landscapes with panoramic views of the coast and the nearby valleys.<\/p><p style=\"text-align: justify;\">Also in Monte Corona is the Redwood Forest, with 848 specimens, with an average height of 26 metres and an average circumference of 1.6 metres.<\/p><p style=\"text-align: justify;\">Nearby is also the Oyambre Natural Park, where its extensive beaches such as Oyambre and Mer\u00f3n are perfect for relaxing or surfing, while enjoying the biodiversity that characterises this protected area.<\/p><p style=\"text-align: justify;\">In San Vicente de la Barquera, you can stroll around its traditional fishing port and enjoy the views of the imposing Picos de Europa.<\/p><p style=\"text-align: justify;\">For a trip back in time, Santillana del Mar is a must, with its cobbled streets, and its iconic Collegiate Church of Santa Juliana, one of the finest examples of Romanesque art in Cantabria.<\/p><p style=\"text-align: justify;\">Barcena Mayor, with its traditional mountain architecture, is the ideal place to enjoy a delicious mountain stew..<\/p><p style=\"text-align: justify;\">Finally, less than an hour away, Santander, the capital, offers a unique combination of beaches, such as the Sardinero, and a vibrant cultural life, perfect for those looking to enjoy the city and its history.<\/p>\t\t\t\t\t\t\t\t<\/div>\n\t\t\t\t<\/div>\n\t\t\t\t<div class=\"elementor-element elementor-element-681e228 elementor-hidden-desktop elementor-hidden-tablet elementor-widget elementor-widget-text-editor\" data-id=\"681e228\" data-element_type=\"widget\" data-e-type=\"widget\" data-widget_type=\"text-editor.default\">\n\t\t\t\t<div class=\"elementor-widget-container\">\n\t\t\t\t\t\t\t\t\t<p>Nuestros apartamentos est\u00e1n en una ubicaci\u00f3n perfecta, a solo 3 kil\u00f3metros de Comillas en Cantabria, donde podr\u00e1s disfrutar de su arquitectura modernista, como el Capricho de Gaud\u00ed. Tambi\u00e9n podr\u00e1s explorar el Monte Corona y relajarte en las playas del Parque Natural de Oyambre.<\/p>\n<p>A pocos minutos en coche, San Vicente de la Barquera ofrece vistas a los Picos de Europa, mientras que Santillana del Mar te sorprender\u00e1 con su encanto medieval. Santander, a menos de una hora, combina playas y una vibrante oferta cultural.<\/p>\t\t\t\t\t\t\t\t<\/div>\n\t\t\t\t<\/div>\n\t\t\t\t\t<\/div>\n\t\t\t\t<\/div>\n\t\t\t\t<\/div>\n\t\t\t\t<\/div>\n\t\t<div class=\"elementor-element elementor-element-6e82104 e-flex e-con-boxed e-con e-parent\" data-id=\"6e82104\" data-element_type=\"container\" data-e-type=\"container\" data-settings=\"{&quot;background_background&quot;:&quot;classic&quot;}\">\n\t\t\t\t\t<div class=\"e-con-inner\">\n\t\t\t\t<div class=\"elementor-element elementor-element-8be2335 elementor-widget elementor-widget-heading\" data-id=\"8be2335\" data-element_type=\"widget\" data-e-type=\"widget\" data-widget_type=\"heading.default\">\n\t\t\t\t<div class=\"elementor-widget-container\">\n\t\t\t\t\t<h2 class=\"elementor-heading-title elementor-size-default\">Attractions near Comillas in Cantabria<\/h2>\t\t\t\t<\/div>\n\t\t\t\t<\/div>\n\t\t<div class=\"elementor-element elementor-element-9259e76 e-con-full e-grid e-con e-child\" data-id=\"9259e76\" data-element_type=\"container\" data-e-type=\"container\">\n\t\t\t\t<div class=\"elementor-element elementor-element-2090e6f elementor-cta--skin-cover elementor-widget__width-initial elementor-widget-mobile__width-inherit elementor-cta--valign-bottom elementor-animated-content elementor-bg-transform elementor-bg-transform-zoom-in elementor-widget elementor-widget-call-to-action\" data-id=\"2090e6f\" data-element_type=\"widget\" data-e-type=\"widget\" data-widget_type=\"call-to-action.default\">\n\t\t\t\t<div class=\"elementor-widget-container\">\n\t\t\t\t\t\t\t<div class=\"elementor-cta\">\n\t\t\t\t\t<div class=\"elementor-cta__bg-wrapper\">\n\t\t\t\t<div class=\"elementor-cta__bg elementor-bg\" style=\"background-image: url(https:\/\/apartamentoscorona.com\/en\/wp-content\/uploads\/sites\/2\/entorno-montecorona.webp);\" role=\"img\" aria-label=\"entorno montecorona\"><\/div>\n\t\t\t\t<div class=\"elementor-cta__bg-overlay\"><\/div>\n\t\t\t<\/div>\n\t\t\t\t\t\t\t<div class=\"elementor-cta__content\">\n\t\t\t\t\n\t\t\t\t\t\t\t\t\t<h2 class=\"elementor-cta__title elementor-cta__content-item elementor-content-item elementor-animated-item--enter-from-bottom\">\n\t\t\t\t\t\tMonte Corona<br> (2.5 km)\t\t\t\t\t<\/h2>\n\t\t\t\t\n\t\t\t\t\t\t\t\t\t<div class=\"elementor-cta__description elementor-cta__content-item elementor-content-item elementor-animated-item--enter-from-bottom\">\n\t\t\t\t\t\tVarious routes can be followed, both on foot and by bicycle. It has two hermitages, San Antonio and San Esteban. The latter is the closest to our accommodation and can be reached on foot or by car.\t\t\t\t\t<\/div>\n\t\t\t\t\n\t\t\t\t\t\t\t<\/div>\n\t\t\t\t\t\t<\/div>\n\t\t\t\t\t\t<\/div>\n\t\t\t\t<\/div>\n\t\t\t\t<div class=\"elementor-element elementor-element-7ac3a99 elementor-cta--skin-cover elementor-widget__width-initial elementor-widget-mobile__width-inherit elementor-cta--valign-bottom elementor-animated-content elementor-bg-transform elementor-bg-transform-zoom-in elementor-widget elementor-widget-call-to-action\" data-id=\"7ac3a99\" data-element_type=\"widget\" data-e-type=\"widget\" data-widget_type=\"call-to-action.default\">\n\t\t\t\t<div class=\"elementor-widget-container\">\n\t\t\t\t\t\t\t<div class=\"elementor-cta\">\n\t\t\t\t\t<div class=\"elementor-cta__bg-wrapper\">\n\t\t\t\t<div class=\"elementor-cta__bg elementor-bg\" style=\"background-image: url(https:\/\/apartamentoscorona.com\/en\/wp-content\/uploads\/sites\/2\/entorno-comillas.webp);\" role=\"img\" aria-label=\"entorno comillas\"><\/div>\n\t\t\t\t<div class=\"elementor-cta__bg-overlay\"><\/div>\n\t\t\t<\/div>\n\t\t\t\t\t\t\t<div class=\"elementor-cta__content\">\n\t\t\t\t\n\t\t\t\t\t\t\t\t\t<h2 class=\"elementor-cta__title elementor-cta__content-item elementor-content-item elementor-animated-item--enter-from-bottom\">\n\t\t\t\t\t\tComillas<br> (3 km)\t\t\t\t\t<\/h2>\n\t\t\t\t\n\t\t\t\t\t\t\t\t\t<div class=\"elementor-cta__description elementor-cta__content-item elementor-content-item elementor-animated-item--enter-from-bottom\">\n\t\t\t\t\t\tCoastal town located on the western coast of Cantabria. It has several modernist monuments such as the Sobrellano Palace, Gaud\u00ed's El Capricho and the Pontifical University.\t\t\t\t\t<\/div>\n\t\t\t\t\n\t\t\t\t\t\t\t<\/div>\n\t\t\t\t\t\t<\/div>\n\t\t\t\t\t\t<\/div>\n\t\t\t\t<\/div>\n\t\t\t\t<div class=\"elementor-element elementor-element-3d417ec elementor-cta--skin-cover elementor-widget__width-initial elementor-widget-mobile__width-inherit elementor-cta--valign-bottom elementor-animated-content elementor-bg-transform elementor-bg-transform-zoom-in elementor-widget elementor-widget-call-to-action\" data-id=\"3d417ec\" data-element_type=\"widget\" data-e-type=\"widget\" data-widget_type=\"call-to-action.default\">\n\t\t\t\t<div class=\"elementor-widget-container\">\n\t\t\t\t\t\t\t<div class=\"elementor-cta\">\n\t\t\t\t\t<div class=\"elementor-cta__bg-wrapper\">\n\t\t\t\t<div class=\"elementor-cta__bg elementor-bg\" style=\"background-image: url(https:\/\/apartamentoscorona.com\/en\/wp-content\/uploads\/sites\/2\/Parque-natural-de-Oyambre.webp);\" role=\"img\" aria-label=\"Parque natural de Oyambre\"><\/div>\n\t\t\t\t<div class=\"elementor-cta__bg-overlay\"><\/div>\n\t\t\t<\/div>\n\t\t\t\t\t\t\t<div class=\"elementor-cta__content\">\n\t\t\t\t\n\t\t\t\t\t\t\t\t\t<h2 class=\"elementor-cta__title elementor-cta__content-item elementor-content-item elementor-animated-item--enter-from-bottom\">\n\t\t\t\t\t\tOyambre Park<br> (8 km)\t\t\t\t\t<\/h2>\n\t\t\t\t\n\t\t\t\t\t\t\t\t\t<div class=\"elementor-cta__description elementor-cta__content-item elementor-content-item elementor-animated-item--enter-from-bottom\">\n\t\t\t\t\t\tA natural area made up of beaches, green meadows, estuaries, a rich fauna and beautiful views of the Picos de Europa. The beaches of Oyambre and Mer\u00f3n, both of which are very long, and its proximity to Monte Corona stand out.\t\t\t\t\t<\/div>\n\t\t\t\t\n\t\t\t\t\t\t\t<\/div>\n\t\t\t\t\t\t<\/div>\n\t\t\t\t\t\t<\/div>\n\t\t\t\t<\/div>\n\t\t\t\t<div class=\"elementor-element elementor-element-1bc452b elementor-cta--skin-cover elementor-widget__width-initial elementor-widget-mobile__width-inherit elementor-cta--valign-bottom elementor-animated-content elementor-bg-transform elementor-bg-transform-zoom-in elementor-widget elementor-widget-call-to-action\" data-id=\"1bc452b\" data-element_type=\"widget\" data-e-type=\"widget\" data-widget_type=\"call-to-action.default\">\n\t\t\t\t<div class=\"elementor-widget-container\">\n\t\t\t\t\t\t\t<div class=\"elementor-cta\">\n\t\t\t\t\t<div class=\"elementor-cta__bg-wrapper\">\n\t\t\t\t<div class=\"elementor-cta__bg elementor-bg\" style=\"background-image: url(https:\/\/apartamentoscorona.com\/en\/wp-content\/uploads\/sites\/2\/entorno-sanvicente.webp);\" role=\"img\" aria-label=\"entorno sanvicente\"><\/div>\n\t\t\t\t<div class=\"elementor-cta__bg-overlay\"><\/div>\n\t\t\t<\/div>\n\t\t\t\t\t\t\t<div class=\"elementor-cta__content\">\n\t\t\t\t\n\t\t\t\t\t\t\t\t\t<h2 class=\"elementor-cta__title elementor-cta__content-item elementor-content-item elementor-animated-item--enter-from-bottom\">\n\t\t\t\t\t\tSan Vicente de la Barquera <br> (15 km)\t\t\t\t\t<\/h2>\n\t\t\t\t\n\t\t\t\t\t\t\t\t\t<div class=\"elementor-cta__description elementor-cta__content-item elementor-content-item elementor-animated-item--enter-from-bottom\">\n\t\t\t\t\t\tLocated on the western coast of Cantabria. It has several long beaches on the outskirts of the town centre. In the centre of the town is the old quarter, the most significant monument being the Castillo del Rey (King's Castle).\t\t\t\t\t<\/div>\n\t\t\t\t\n\t\t\t\t\t\t\t<\/div>\n\t\t\t\t\t\t<\/div>\n\t\t\t\t\t\t<\/div>\n\t\t\t\t<\/div>\n\t\t\t\t<div class=\"elementor-element elementor-element-9042c36 elementor-cta--skin-cover elementor-widget__width-initial elementor-widget-mobile__width-inherit elementor-cta--valign-bottom elementor-animated-content elementor-bg-transform elementor-bg-transform-zoom-in elementor-widget elementor-widget-call-to-action\" data-id=\"9042c36\" data-element_type=\"widget\" data-e-type=\"widget\" data-widget_type=\"call-to-action.default\">\n\t\t\t\t<div class=\"elementor-widget-container\">\n\t\t\t\t\t\t\t<div class=\"elementor-cta\">\n\t\t\t\t\t<div class=\"elementor-cta__bg-wrapper\">\n\t\t\t\t<div class=\"elementor-cta__bg elementor-bg\" style=\"background-image: url(https:\/\/apartamentoscorona.com\/en\/wp-content\/uploads\/sites\/2\/Santillana-del-Mar.webp);\" role=\"img\" aria-label=\"Santillana del Mar\"><\/div>\n\t\t\t\t<div class=\"elementor-cta__bg-overlay\"><\/div>\n\t\t\t<\/div>\n\t\t\t\t\t\t\t<div class=\"elementor-cta__content\">\n\t\t\t\t\n\t\t\t\t\t\t\t\t\t<h2 class=\"elementor-cta__title elementor-cta__content-item elementor-content-item elementor-animated-item--enter-from-bottom\">\n\t\t\t\t\t\tSantillana del Mar<br> (20 km)\t\t\t\t\t<\/h2>\n\t\t\t\t\n\t\t\t\t\t\t\t\t\t<div class=\"elementor-cta__description elementor-cta__content-item elementor-content-item elementor-animated-item--enter-from-bottom\">\n\t\t\t\t\t\tOne of the most beautiful villages in Cantabria, known for being the site of the Altamira Cave. Along its cobbled streets you can enjoy a rich history, its most representative monument is the collegiate church of Santa Juliana.\t\t\t\t\t<\/div>\n\t\t\t\t\n\t\t\t\t\t\t\t<\/div>\n\t\t\t\t\t\t<\/div>\n\t\t\t\t\t\t<\/div>\n\t\t\t\t<\/div>\n\t\t\t\t<div class=\"elementor-element elementor-element-d08edab elementor-cta--skin-cover elementor-widget__width-initial elementor-widget-mobile__width-inherit elementor-cta--valign-bottom elementor-animated-content elementor-bg-transform elementor-bg-transform-zoom-in elementor-widget elementor-widget-call-to-action\" data-id=\"d08edab\" data-element_type=\"widget\" data-e-type=\"widget\" data-widget_type=\"call-to-action.default\">\n\t\t\t\t<div class=\"elementor-widget-container\">\n\t\t\t\t\t\t\t<div class=\"elementor-cta\">\n\t\t\t\t\t<div class=\"elementor-cta__bg-wrapper\">\n\t\t\t\t<div class=\"elementor-cta__bg elementor-bg\" style=\"background-image: url(https:\/\/apartamentoscorona.com\/en\/wp-content\/uploads\/sites\/2\/El-Soplao-2.webp);\" role=\"img\" aria-label=\"El Soplao 2\"><\/div>\n\t\t\t\t<div class=\"elementor-cta__bg-overlay\"><\/div>\n\t\t\t<\/div>\n\t\t\t\t\t\t\t<div class=\"elementor-cta__content\">\n\t\t\t\t\n\t\t\t\t\t\t\t\t\t<h2 class=\"elementor-cta__title elementor-cta__content-item elementor-content-item elementor-animated-item--enter-from-bottom\">\n\t\t\t\t\t\tEl Soplao<br> (30 km)\t\t\t\t\t<\/h2>\n\t\t\t\t\n\t\t\t\t\t\t\t\t\t<div class=\"elementor-cta__description elementor-cta__content-item elementor-content-item elementor-animated-item--enter-from-bottom\">\n\t\t\t\t\t\tConsidered an international geological wonder thanks to the great diversity of eccentric formations. These give it a beauty and spectacularity that make it a unique cave.\t\t\t\t\t<\/div>\n\t\t\t\t\n\t\t\t\t\t\t\t<\/div>\n\t\t\t\t\t\t<\/div>\n\t\t\t\t\t\t<\/div>\n\t\t\t\t<\/div>\n\t\t\t\t<div class=\"elementor-element elementor-element-76ffb26 elementor-cta--skin-cover elementor-widget__width-initial elementor-widget-mobile__width-inherit elementor-cta--valign-bottom elementor-animated-content elementor-bg-transform elementor-bg-transform-zoom-in elementor-widget elementor-widget-call-to-action\" data-id=\"76ffb26\" data-element_type=\"widget\" data-e-type=\"widget\" data-widget_type=\"call-to-action.default\">\n\t\t\t\t<div class=\"elementor-widget-container\">\n\t\t\t\t\t\t\t<div class=\"elementor-cta\">\n\t\t\t\t\t<div class=\"elementor-cta__bg-wrapper\">\n\t\t\t\t<div class=\"elementor-cta__bg elementor-bg\" style=\"background-image: url(https:\/\/apartamentoscorona.com\/en\/wp-content\/uploads\/sites\/2\/entorno-barcenamayor.webp);\" role=\"img\" aria-label=\"entorno barcenamayor\"><\/div>\n\t\t\t\t<div class=\"elementor-cta__bg-overlay\"><\/div>\n\t\t\t<\/div>\n\t\t\t\t\t\t\t<div class=\"elementor-cta__content\">\n\t\t\t\t\n\t\t\t\t\t\t\t\t\t<h2 class=\"elementor-cta__title elementor-cta__content-item elementor-content-item elementor-animated-item--enter-from-bottom\">\n\t\t\t\t\t\tB\u00e1rcena Mayor<br> (38 km)\t\t\t\t\t<\/h2>\n\t\t\t\t\n\t\t\t\t\t\t\t\t\t<div class=\"elementor-cta__description elementor-cta__content-item elementor-content-item elementor-animated-item--enter-from-bottom\">\n\t\t\t\t\t\tA rustic village located in the Saja river reserve. Its masonry houses, typical of the area, make it one of the prettiest villages in Cantabria, and also one of the prettiest in Spain. An ideal place to enjoy a good mountain stew.\t\t\t\t\t<\/div>\n\t\t\t\t\n\t\t\t\t\t\t\t<\/div>\n\t\t\t\t\t\t<\/div>\n\t\t\t\t\t\t<\/div>\n\t\t\t\t<\/div>\n\t\t\t\t<div class=\"elementor-element elementor-element-2569370 elementor-cta--skin-cover elementor-widget__width-initial elementor-widget-mobile__width-inherit elementor-cta--valign-bottom elementor-animated-content elementor-bg-transform elementor-bg-transform-zoom-in elementor-widget elementor-widget-call-to-action\" data-id=\"2569370\" data-element_type=\"widget\" data-e-type=\"widget\" data-widget_type=\"call-to-action.default\">\n\t\t\t\t<div class=\"elementor-widget-container\">\n\t\t\t\t\t\t\t<div class=\"elementor-cta\">\n\t\t\t\t\t<div class=\"elementor-cta__bg-wrapper\">\n\t\t\t\t<div class=\"elementor-cta__bg elementor-bg\" style=\"background-image: url(https:\/\/apartamentoscorona.com\/en\/wp-content\/uploads\/sites\/2\/entorno-cabarceno.webp);\" role=\"img\" aria-label=\"entorno cabarceno\"><\/div>\n\t\t\t\t<div class=\"elementor-cta__bg-overlay\"><\/div>\n\t\t\t<\/div>\n\t\t\t\t\t\t\t<div class=\"elementor-cta__content\">\n\t\t\t\t\n\t\t\t\t\t\t\t\t\t<h2 class=\"elementor-cta__title elementor-cta__content-item elementor-content-item elementor-animated-item--enter-from-bottom\">\n\t\t\t\t\t\tCab\u00e1rceno <br>(52 km)\t\t\t\t\t<\/h2>\n\t\t\t\t\n\t\t\t\t\t\t\t\t\t<div class=\"elementor-cta__description elementor-cta__content-item elementor-content-item elementor-animated-item--enter-from-bottom\">\n\t\t\t\t\t\tLocated in a former iron extraction mine. It stands out for the state of semi-freedom in which the great variety of species from the five continents that live there live. It also has a cable car that allows you to observe the park from another point of view.\t\t\t\t\t<\/div>\n\t\t\t\t\n\t\t\t\t\t\t\t<\/div>\n\t\t\t\t\t\t<\/div>\n\t\t\t\t\t\t<\/div>\n\t\t\t\t<\/div>\n\t\t\t\t<\/div>\n\t\t\t\t\t<\/div>\n\t\t\t\t<\/div>\n\t\t<div class=\"elementor-element elementor-element-d2f49ee e-con-full e-flex e-con e-parent\" data-id=\"d2f49ee\" data-element_type=\"container\" data-e-type=\"container\" data-settings=\"{&quot;background_background&quot;:&quot;classic&quot;}\">\n\t\t\t\t<div class=\"elementor-element elementor-element-3177bd2 elementor-widget elementor-widget-menu-anchor\" data-id=\"3177bd2\" data-element_type=\"widget\" data-e-type=\"widget\" data-widget_type=\"menu-anchor.default\">\n\t\t\t\t<div class=\"elementor-widget-container\">\n\t\t\t\t\t\t\t<div class=\"elementor-menu-anchor\" id=\"actividades\"><\/div>\n\t\t\t\t\t\t<\/div>\n\t\t\t\t<\/div>\n\t\t\t\t<div class=\"elementor-element elementor-element-e9b17e1 elementor-widget elementor-widget-heading\" data-id=\"e9b17e1\" data-element_type=\"widget\" data-e-type=\"widget\" data-widget_type=\"heading.default\">\n\t\t\t\t<div class=\"elementor-widget-container\">\n\t\t\t\t\t<h3 class=\"elementor-heading-title elementor-size-default\">Activities in Comillas in Cantabria<\/h3>\t\t\t\t<\/div>\n\t\t\t\t<\/div>\n\t\t\t\t<div class=\"elementor-element elementor-element-f2f03ab elementor-widget__width-inherit elementor-widget elementor-widget-text-editor\" data-id=\"f2f03ab\" data-element_type=\"widget\" data-e-type=\"widget\" data-widget_type=\"text-editor.default\">\n\t\t\t\t<div class=\"elementor-widget-container\">\n\t\t\t\t\t\t\t\t\t<p>We can recommend other activities such as: Visit to an organic winery, farm and cheese factory, pottery workshop, paper making workshop, etc.<\/p>\t\t\t\t\t\t\t\t<\/div>\n\t\t\t\t<\/div>\n\t\t<div class=\"elementor-element elementor-element-5126683 e-con-full e-grid e-con e-child\" data-id=\"5126683\" data-element_type=\"container\" data-e-type=\"container\">\n\t\t\t\t<div class=\"elementor-element elementor-element-52af2c9 elementor-cta--skin-cover elementor-widget__width-initial elementor-cta--valign-bottom elementor-widget-mobile__width-inherit elementor-animated-content elementor-bg-transform elementor-bg-transform-zoom-in elementor-widget elementor-widget-call-to-action\" data-id=\"52af2c9\" data-element_type=\"widget\" data-e-type=\"widget\" data-widget_type=\"call-to-action.default\">\n\t\t\t\t<div class=\"elementor-widget-container\">\n\t\t\t\t\t\t\t<div class=\"elementor-cta\">\n\t\t\t\t\t<div class=\"elementor-cta__bg-wrapper\">\n\t\t\t\t<div class=\"elementor-cta__bg elementor-bg\" style=\"background-image: url(https:\/\/apartamentoscorona.com\/en\/wp-content\/uploads\/sites\/2\/surf-en-cantabria.webp);\" role=\"img\" aria-label=\"surf en cantabria\"><\/div>\n\t\t\t\t<div class=\"elementor-cta__bg-overlay\"><\/div>\n\t\t\t<\/div>\n\t\t\t\t\t\t\t<div class=\"elementor-cta__content\">\n\t\t\t\t\n\t\t\t\t\t\t\t\t\t<h2 class=\"elementor-cta__title elementor-cta__content-item elementor-content-item elementor-animated-item--enter-from-bottom\">\n\t\t\t\t\t\tSurf\t\t\t\t\t<\/h2>\n\t\t\t\t\n\t\t\t\t\t\t\t\t\t<div class=\"elementor-cta__description elementor-cta__content-item elementor-content-item elementor-animated-item--enter-from-bottom\">\n\t\t\t\t\t\tIt is one of the most popular sporting activities in Cantabria. On beaches such as Gerra, Oyambre or Mer\u00f3n it is very common to find surfers all year round.\t\t\t\t\t<\/div>\n\t\t\t\t\n\t\t\t\t\t\t\t<\/div>\n\t\t\t\t\t\t<\/div>\n\t\t\t\t\t\t<\/div>\n\t\t\t\t<\/div>\n\t\t\t\t<div class=\"elementor-element elementor-element-2784e27 elementor-cta--skin-cover elementor-widget__width-initial elementor-cta--valign-bottom elementor-widget-mobile__width-inherit elementor-animated-content elementor-bg-transform elementor-bg-transform-zoom-in elementor-widget elementor-widget-call-to-action\" data-id=\"2784e27\" data-element_type=\"widget\" data-e-type=\"widget\" data-widget_type=\"call-to-action.default\">\n\t\t\t\t<div class=\"elementor-widget-container\">\n\t\t\t\t\t\t\t<div class=\"elementor-cta\">\n\t\t\t\t\t<div class=\"elementor-cta__bg-wrapper\">\n\t\t\t\t<div class=\"elementor-cta__bg elementor-bg\" style=\"background-image: url(https:\/\/apartamentoscorona.com\/en\/wp-content\/uploads\/sites\/2\/Monte-Corona.webp);\" role=\"img\" aria-label=\"Monte Corona\"><\/div>\n\t\t\t\t<div class=\"elementor-cta__bg-overlay\"><\/div>\n\t\t\t<\/div>\n\t\t\t\t\t\t\t<div class=\"elementor-cta__content\">\n\t\t\t\t\n\t\t\t\t\t\t\t\t\t<h2 class=\"elementor-cta__title elementor-cta__content-item elementor-content-item elementor-animated-item--enter-from-bottom\">\n\t\t\t\t\t\tHiking\t\t\t\t\t<\/h2>\n\t\t\t\t\n\t\t\t\t\t\t\t\t\t<div class=\"elementor-cta__description elementor-cta__content-item elementor-content-item elementor-animated-item--enter-from-bottom\">\n\t\t\t\t\t\tThanks to the large number of mountains in Cantabria, there are hiking routes in every corner, both on foot and by bicycle, which offer spectacular landscapes.\t\t\t\t\t<\/div>\n\t\t\t\t\n\t\t\t\t\t\t\t<\/div>\n\t\t\t\t\t\t<\/div>\n\t\t\t\t\t\t<\/div>\n\t\t\t\t<\/div>\n\t\t\t\t<div class=\"elementor-element elementor-element-ab0d647 elementor-cta--skin-cover elementor-widget__width-initial elementor-cta--valign-bottom elementor-widget-mobile__width-inherit elementor-animated-content elementor-bg-transform elementor-bg-transform-zoom-in elementor-widget elementor-widget-call-to-action\" data-id=\"ab0d647\" data-element_type=\"widget\" data-e-type=\"widget\" data-widget_type=\"call-to-action.default\">\n\t\t\t\t<div class=\"elementor-widget-container\">\n\t\t\t\t\t\t\t<div class=\"elementor-cta\">\n\t\t\t\t\t<div class=\"elementor-cta__bg-wrapper\">\n\t\t\t\t<div class=\"elementor-cta__bg elementor-bg\" style=\"background-image: url(https:\/\/apartamentoscorona.com\/en\/wp-content\/uploads\/sites\/2\/Rutas-guiadas-por-cantabria.webp);\" role=\"img\" aria-label=\"Rutas guiadas por cantabria\"><\/div>\n\t\t\t\t<div class=\"elementor-cta__bg-overlay\"><\/div>\n\t\t\t<\/div>\n\t\t\t\t\t\t\t<div class=\"elementor-cta__content\">\n\t\t\t\t\n\t\t\t\t\t\t\t\t\t<h2 class=\"elementor-cta__title elementor-cta__content-item elementor-content-item elementor-animated-item--enter-from-bottom\">\n\t\t\t\t\t\tComillas Guided tours \/ mycological routes\t\t\t\t\t<\/h2>\n\t\t\t\t\n\t\t\t\t\t\t\t\t\t<div class=\"elementor-cta__description elementor-cta__content-item elementor-content-item elementor-animated-item--enter-from-bottom\">\n\t\t\t\t\t\tRoute through Monte Corona in search of specimens, while learning about their main characteristics and ways of differentiation.\t\t\t\t\t<\/div>\n\t\t\t\t\n\t\t\t\t\t\t\t<\/div>\n\t\t\t\t\t\t<\/div>\n\t\t\t\t\t\t<\/div>\n\t\t\t\t<\/div>\n\t\t\t\t<div class=\"elementor-element elementor-element-ddcc4c5 elementor-cta--skin-cover elementor-widget__width-initial elementor-cta--valign-bottom elementor-widget-mobile__width-inherit elementor-animated-content elementor-bg-transform elementor-bg-transform-zoom-in elementor-widget elementor-widget-call-to-action\" data-id=\"ddcc4c5\" data-element_type=\"widget\" data-e-type=\"widget\" data-widget_type=\"call-to-action.default\">\n\t\t\t\t<div class=\"elementor-widget-container\">\n\t\t\t\t\t\t\t<div class=\"elementor-cta\">\n\t\t\t\t\t<div class=\"elementor-cta__bg-wrapper\">\n\t\t\t\t<div class=\"elementor-cta__bg elementor-bg\" style=\"background-image: url(https:\/\/apartamentoscorona.com\/en\/wp-content\/uploads\/sites\/2\/Montas-a-caballo-por-catabria.webp);\" role=\"img\" aria-label=\"Montas a caballo por catabria\"><\/div>\n\t\t\t\t<div class=\"elementor-cta__bg-overlay\"><\/div>\n\t\t\t<\/div>\n\t\t\t\t\t\t\t<div class=\"elementor-cta__content\">\n\t\t\t\t\n\t\t\t\t\t\t\t\t\t<h2 class=\"elementor-cta__title elementor-cta__content-item elementor-content-item elementor-animated-item--enter-from-bottom\">\n\t\t\t\t\t\tHorse riding\t\t\t\t\t<\/h2>\n\t\t\t\t\n\t\t\t\t\t\t\t\t\t<div class=\"elementor-cta__description elementor-cta__content-item elementor-content-item elementor-animated-item--enter-from-bottom\">\n\t\t\t\t\t\tHorseback rides enjoying the landscape and the tranquillity of the surroundings.\t\t\t\t\t<\/div>\n\t\t\t\t\n\t\t\t\t\t\t\t<\/div>\n\t\t\t\t\t\t<\/div>\n\t\t\t\t\t\t<\/div>\n\t\t\t\t<\/div>\n\t\t\t\t<\/div>\n\t\t\t\t<\/div>\n\t\t\t\t<\/div>\n\t\t","protected":false},"excerpt":{"rendered":"<p>The surroundings of Apartamentos Corona Comillas in Cantabria Save up to 20% by booking on the official website. 5% direct using our web code: CORONA20 [av_calendar id=1] Discover Comillas in Cantabria Our flats are situated in a privileged location to explore some of the most emblematic places in Cantabria. Just 3 kilometres away is Comillas, [&hellip;]<\/p>\n","protected":false},"author":1,"featured_media":0,"parent":0,"menu_order":0,"comment_status":"closed","ping_status":"closed","template":"","meta":{"footnotes":""},"class_list":["post-418","page","type-page","status-publish","hentry"],"yoast_head":"<!-- This site is optimized with the Yoast SEO plugin v27.5 - https:\/\/yoast.com\/product\/yoast-seo-wordpress\/ -->\n<title>Comillas in Cantabria - corona en<\/title>\n<meta name=\"description\" content=\"Discover the town of Comillas in Cantabria, where you can enjoy spectacular landscapes with views of the coast and the nearby valleys.\" \/>\n<meta name=\"robots\" content=\"index, follow, max-snippet:-1, max-image-preview:large, max-video-preview:-1\" \/>\n<link rel=\"canonical\" href=\"https:\/\/apartamentoscorona.com\/en\/comillas-in-cantabria\/\" \/>\n<meta property=\"og:locale\" content=\"es_ES\" \/>\n<meta property=\"og:type\" content=\"article\" \/>\n<meta property=\"og:title\" content=\"Comillas in Cantabria - corona en\" \/>\n<meta property=\"og:description\" content=\"Discover the town of Comillas in Cantabria, where you can enjoy spectacular landscapes with views of the coast and the nearby valleys.\" \/>\n<meta property=\"og:url\" content=\"https:\/\/apartamentoscorona.com\/en\/comillas-in-cantabria\/\" \/>\n<meta property=\"og:site_name\" content=\"corona en\" \/>\n<meta property=\"article:modified_time\" content=\"2024-11-05T10:58:40+00:00\" \/>\n<meta property=\"og:image\" content=\"https:\/\/apartamentoscorona.com\/en\/wp-content\/uploads\/sites\/2\/pajaro-carga-pagina.webp\" \/>\n\t<meta property=\"og:image:width\" content=\"139\" \/>\n\t<meta property=\"og:image:height\" content=\"100\" \/>\n\t<meta property=\"og:image:type\" content=\"image\/webp\" \/>\n<meta name=\"twitter:card\" content=\"summary_large_image\" \/>\n<meta name=\"twitter:label1\" content=\"Tiempo de lectura\" \/>\n\t<meta name=\"twitter:data1\" content=\"4 minutos\" \/>\n<script type=\"application\/ld+json\" class=\"yoast-schema-graph\">{\"@context\":\"https:\\\/\\\/schema.org\",\"@graph\":[{\"@type\":\"WebPage\",\"@id\":\"https:\\\/\\\/apartamentoscorona.com\\\/en\\\/comillas-in-cantabria\\\/\",\"url\":\"https:\\\/\\\/apartamentoscorona.com\\\/en\\\/comillas-in-cantabria\\\/\",\"name\":\"Comillas in Cantabria - corona en\",\"isPartOf\":{\"@id\":\"https:\\\/\\\/apartamentoscorona.com\\\/en\\\/#website\"},\"primaryImageOfPage\":{\"@id\":\"https:\\\/\\\/apartamentoscorona.com\\\/en\\\/comillas-in-cantabria\\\/#primaryimage\"},\"image\":{\"@id\":\"https:\\\/\\\/apartamentoscorona.com\\\/en\\\/comillas-in-cantabria\\\/#primaryimage\"},\"thumbnailUrl\":\"https:\\\/\\\/apartamentoscorona.com\\\/en\\\/wp-content\\\/uploads\\\/sites\\\/2\\\/pajaro-carga-pagina.webp\",\"datePublished\":\"2024-09-19T11:03:40+00:00\",\"dateModified\":\"2024-11-05T10:58:40+00:00\",\"description\":\"Discover the town of Comillas in Cantabria, where you can enjoy spectacular landscapes with views of the coast and the nearby valleys.\",\"breadcrumb\":{\"@id\":\"https:\\\/\\\/apartamentoscorona.com\\\/en\\\/comillas-in-cantabria\\\/#breadcrumb\"},\"inLanguage\":\"es\",\"potentialAction\":[{\"@type\":\"ReadAction\",\"target\":[\"https:\\\/\\\/apartamentoscorona.com\\\/en\\\/comillas-in-cantabria\\\/\"]}]},{\"@type\":\"ImageObject\",\"inLanguage\":\"es\",\"@id\":\"https:\\\/\\\/apartamentoscorona.com\\\/en\\\/comillas-in-cantabria\\\/#primaryimage\",\"url\":\"https:\\\/\\\/apartamentoscorona.com\\\/en\\\/wp-content\\\/uploads\\\/sites\\\/2\\\/pajaro-carga-pagina.webp\",\"contentUrl\":\"https:\\\/\\\/apartamentoscorona.com\\\/en\\\/wp-content\\\/uploads\\\/sites\\\/2\\\/pajaro-carga-pagina.webp\",\"width\":139,\"height\":100,\"caption\":\"pajaro carga pagina\"},{\"@type\":\"BreadcrumbList\",\"@id\":\"https:\\\/\\\/apartamentoscorona.com\\\/en\\\/comillas-in-cantabria\\\/#breadcrumb\",\"itemListElement\":[{\"@type\":\"ListItem\",\"position\":1,\"name\":\"Portada\",\"item\":\"https:\\\/\\\/apartamentoscorona.com\\\/en\\\/\"},{\"@type\":\"ListItem\",\"position\":2,\"name\":\"Comillas in Cantabria\"}]},{\"@type\":\"WebSite\",\"@id\":\"https:\\\/\\\/apartamentoscorona.com\\\/en\\\/#website\",\"url\":\"https:\\\/\\\/apartamentoscorona.com\\\/en\\\/\",\"name\":\"corona en\",\"description\":\"Apartamentos tur\u00edsticos en Comillas\",\"publisher\":{\"@id\":\"https:\\\/\\\/apartamentoscorona.com\\\/en\\\/#organization\"},\"potentialAction\":[{\"@type\":\"SearchAction\",\"target\":{\"@type\":\"EntryPoint\",\"urlTemplate\":\"https:\\\/\\\/apartamentoscorona.com\\\/en\\\/?s={search_term_string}\"},\"query-input\":{\"@type\":\"PropertyValueSpecification\",\"valueRequired\":true,\"valueName\":\"search_term_string\"}}],\"inLanguage\":\"es\"},{\"@type\":\"Organization\",\"@id\":\"https:\\\/\\\/apartamentoscorona.com\\\/en\\\/#organization\",\"name\":\"corona en\",\"url\":\"https:\\\/\\\/apartamentoscorona.com\\\/en\\\/\",\"logo\":{\"@type\":\"ImageObject\",\"inLanguage\":\"es\",\"@id\":\"https:\\\/\\\/apartamentoscorona.com\\\/en\\\/#\\\/schema\\\/logo\\\/image\\\/\",\"url\":\"https:\\\/\\\/apartamentoscorona.com\\\/en\\\/wp-content\\\/uploads\\\/sites\\\/2\\\/apartamentos-corona-cantabria-logo.webp\",\"contentUrl\":\"https:\\\/\\\/apartamentoscorona.com\\\/en\\\/wp-content\\\/uploads\\\/sites\\\/2\\\/apartamentos-corona-cantabria-logo.webp\",\"width\":333,\"height\":100,\"caption\":\"corona en\"},\"image\":{\"@id\":\"https:\\\/\\\/apartamentoscorona.com\\\/en\\\/#\\\/schema\\\/logo\\\/image\\\/\"}}]}<\/script>\n<!-- \/ Yoast SEO plugin. -->","yoast_head_json":{"title":"Comillas in Cantabria - corona en","description":"Discover the town of Comillas in Cantabria, where you can enjoy spectacular landscapes with views of the coast and the nearby valleys.","robots":{"index":"index","follow":"follow","max-snippet":"max-snippet:-1","max-image-preview":"max-image-preview:large","max-video-preview":"max-video-preview:-1"},"canonical":"https:\/\/apartamentoscorona.com\/en\/comillas-in-cantabria\/","og_locale":"es_ES","og_type":"article","og_title":"Comillas in Cantabria - corona en","og_description":"Discover the town of Comillas in Cantabria, where you can enjoy spectacular landscapes with views of the coast and the nearby valleys.","og_url":"https:\/\/apartamentoscorona.com\/en\/comillas-in-cantabria\/","og_site_name":"corona en","article_modified_time":"2024-11-05T10:58:40+00:00","og_image":[{"width":139,"height":100,"url":"https:\/\/apartamentoscorona.com\/en\/wp-content\/uploads\/sites\/2\/pajaro-carga-pagina.webp","type":"image\/webp"}],"twitter_card":"summary_large_image","twitter_misc":{"Tiempo de lectura":"4 minutos"},"schema":{"@context":"https:\/\/schema.org","@graph":[{"@type":"WebPage","@id":"https:\/\/apartamentoscorona.com\/en\/comillas-in-cantabria\/","url":"https:\/\/apartamentoscorona.com\/en\/comillas-in-cantabria\/","name":"Comillas in Cantabria - corona en","isPartOf":{"@id":"https:\/\/apartamentoscorona.com\/en\/#website"},"primaryImageOfPage":{"@id":"https:\/\/apartamentoscorona.com\/en\/comillas-in-cantabria\/#primaryimage"},"image":{"@id":"https:\/\/apartamentoscorona.com\/en\/comillas-in-cantabria\/#primaryimage"},"thumbnailUrl":"https:\/\/apartamentoscorona.com\/en\/wp-content\/uploads\/sites\/2\/pajaro-carga-pagina.webp","datePublished":"2024-09-19T11:03:40+00:00","dateModified":"2024-11-05T10:58:40+00:00","description":"Discover the town of Comillas in Cantabria, where you can enjoy spectacular landscapes with views of the coast and the nearby valleys.","breadcrumb":{"@id":"https:\/\/apartamentoscorona.com\/en\/comillas-in-cantabria\/#breadcrumb"},"inLanguage":"es","potentialAction":[{"@type":"ReadAction","target":["https:\/\/apartamentoscorona.com\/en\/comillas-in-cantabria\/"]}]},{"@type":"ImageObject","inLanguage":"es","@id":"https:\/\/apartamentoscorona.com\/en\/comillas-in-cantabria\/#primaryimage","url":"https:\/\/apartamentoscorona.com\/en\/wp-content\/uploads\/sites\/2\/pajaro-carga-pagina.webp","contentUrl":"https:\/\/apartamentoscorona.com\/en\/wp-content\/uploads\/sites\/2\/pajaro-carga-pagina.webp","width":139,"height":100,"caption":"pajaro carga pagina"},{"@type":"BreadcrumbList","@id":"https:\/\/apartamentoscorona.com\/en\/comillas-in-cantabria\/#breadcrumb","itemListElement":[{"@type":"ListItem","position":1,"name":"Portada","item":"https:\/\/apartamentoscorona.com\/en\/"},{"@type":"ListItem","position":2,"name":"Comillas in Cantabria"}]},{"@type":"WebSite","@id":"https:\/\/apartamentoscorona.com\/en\/#website","url":"https:\/\/apartamentoscorona.com\/en\/","name":"corona en","description":"Apartamentos tur\u00edsticos en Comillas","publisher":{"@id":"https:\/\/apartamentoscorona.com\/en\/#organization"},"potentialAction":[{"@type":"SearchAction","target":{"@type":"EntryPoint","urlTemplate":"https:\/\/apartamentoscorona.com\/en\/?s={search_term_string}"},"query-input":{"@type":"PropertyValueSpecification","valueRequired":true,"valueName":"search_term_string"}}],"inLanguage":"es"},{"@type":"Organization","@id":"https:\/\/apartamentoscorona.com\/en\/#organization","name":"corona en","url":"https:\/\/apartamentoscorona.com\/en\/","logo":{"@type":"ImageObject","inLanguage":"es","@id":"https:\/\/apartamentoscorona.com\/en\/#\/schema\/logo\/image\/","url":"https:\/\/apartamentoscorona.com\/en\/wp-content\/uploads\/sites\/2\/apartamentos-corona-cantabria-logo.webp","contentUrl":"https:\/\/apartamentoscorona.com\/en\/wp-content\/uploads\/sites\/2\/apartamentos-corona-cantabria-logo.webp","width":333,"height":100,"caption":"corona en"},"image":{"@id":"https:\/\/apartamentoscorona.com\/en\/#\/schema\/logo\/image\/"}}]}},"_links":{"self":[{"href":"https:\/\/apartamentoscorona.com\/en\/wp-json\/wp\/v2\/pages\/418","targetHints":{"allow":["GET"]}}],"collection":[{"href":"https:\/\/apartamentoscorona.com\/en\/wp-json\/wp\/v2\/pages"}],"about":[{"href":"https:\/\/apartamentoscorona.com\/en\/wp-json\/wp\/v2\/types\/page"}],"author":[{"embeddable":true,"href":"https:\/\/apartamentoscorona.com\/en\/wp-json\/wp\/v2\/users\/1"}],"replies":[{"embeddable":true,"href":"https:\/\/apartamentoscorona.com\/en\/wp-json\/wp\/v2\/comments?post=418"}],"version-history":[{"count":43,"href":"https:\/\/apartamentoscorona.com\/en\/wp-json\/wp\/v2\/pages\/418\/revisions"}],"predecessor-version":[{"id":1585,"href":"https:\/\/apartamentoscorona.com\/en\/wp-json\/wp\/v2\/pages\/418\/revisions\/1585"}],"wp:attachment":[{"href":"https:\/\/apartamentoscorona.com\/en\/wp-json\/wp\/v2\/media?parent=418"}],"curies":[{"name":"wp","href":"https:\/\/api.w.org\/{rel}","templated":true}]}}